{"id":928,"date":"2023-01-23T20:32:51","date_gmt":"2023-01-23T19:32:51","guid":{"rendered":"https:\/\/ksdartagnan.pl\/?page_id=928"},"modified":"2026-04-13T02:56:12","modified_gmt":"2026-04-13T00:56:12","slug":"kalendarze-zawodow-dzieciecych-i-mlodzikowych","status":"publish","type":"page","link":"https:\/\/ksdartagnan.pl\/?page_id=928","title":{"rendered":"Kalendarz zawod\u00f3w dzieci\u0119cych i m\u0142odzikowych"},"content":{"rendered":"\t\t<div data-elementor-type=\"wp-page\" data-elementor-id=\"928\" class=\"elementor elementor-928\">\n\t\t\t\t\t\t<section class=\"elementor-section elementor-top-section elementor-element elementor-element-29363913 elementor-section-boxed elementor-section-height-default elementor-section-height-default\" data-id=\"29363913\" data-element_type=\"section\" data-e-type=\"section\">\n\t\t\t\t\t\t<div class=\"elementor-container elementor-column-gap-default\">\n\t\t\t\t\t<div class=\"elementor-column elementor-col-100 elementor-top-column elementor-element elementor-element-4ae5ba75\" data-id=\"4ae5ba75\" data-element_type=\"column\" data-e-type=\"column\">\n\t\t\t<div class=\"elementor-widget-wrap elementor-element-populated\">\n\t\t\t\t\t\t<div class=\"elementor-element elementor-element-5bbcd034 elementor-widget elementor-widget-text-editor\" data-id=\"5bbcd034\" data-element_type=\"widget\" data-e-type=\"widget\" data-widget_type=\"text-editor.default\">\n\t\t\t\t<div class=\"elementor-widget-container\">\n\t\t\t\t\t\t\t\t\t<p><\/p>\n<p class=\"has-text-align-center\">\u00a0<\/p>\n<p><\/p>\n<div class=\"wp-block-group\">\n<p><\/p>\n<div class=\"wp-block-group has-global-padding is-layout-constrained wp-block-group-is-layout-constrained\">\n<p><\/p>\n<p class=\"has-white-color has-text-color has-background\" style=\"background-color: #002c58;\"><em>Ka\u017cdy wyjazd na zawody powinien by\u0107 uzgodniony z w\u0142a\u015bciwym dla zawodnika trenerem.<\/em><\/p>\n<p><\/p>\n<p class=\"has-white-color has-text-color has-background\" style=\"background-color: #002c58;\"><em>W przypadku organizacji <em>przez rodzic\u00f3w<\/em><\/em> <em>wsp\u00f3lnego wyjazdu, prosimy o kontakt, ch\u0119tnie pomo\u017cemy. <\/em><\/p>\n<p><span style=\"color: #ff0000;\"><em><strong><a  data-e-Disable-Page-Transition=\"true\" class=\"download-link\" title=\"\" href=\"https:\/\/ksdartagnan.pl?download=3467&amp;tmstv=1777476487\" rel=\"nofollow\" id=\"download-link-3467\" data-redirect=\"false\" >\n\tKOMUNIKAT-MISTRZOSTWA-MAZOWSZA-FLORET.pdf<\/a>\n 19.04.2026 ( niedziela )<\/strong><\/em><\/span><\/p>\n<table style=\"background-color: #ffffff;\" width=\"571\">\n<tbody>\n<tr>\n<td style=\"text-align: left;\" colspan=\"5\" width=\"446\"><strong>Pa\u017adziernik \u2013 2025<\/strong><\/td>\n<td width=\"125\">\u00a0<\/td>\n<\/tr>\n<tr>\n<td width=\"64\">Nazwa<\/td>\n<td width=\"64\">Kat. wiekowe<\/td>\n<td width=\"96\">Bronie<\/td>\n<td width=\"109\">Data rozpocz\u0119cia<\/td>\n<td width=\"113\">Data zako\u0144czenia<\/td>\n<td width=\"125\">Miejsce<\/td>\n<\/tr>\n<tr>\n<td width=\"64\"><a href=\"https:\/\/pzszerm.pl\/zawody\/kalendarium-zawodow\/zawody\/?id=4516\">Puchar Europy kadet\u00f3w we florecie kobiet i m\u0119\u017cczyzn \u2013 Samorin 2025\/2026<\/a><\/td>\n<td width=\"64\">Juniorzy m\u0142odsi (kadeci) (Jm\u0142)<\/td>\n<td width=\"96\">Floret (Fl)<\/td>\n<td width=\"109\">03.10.2025<\/td>\n<td width=\"113\">05.10.2025<\/td>\n<td width=\"125\">Samorin<\/td>\n<\/tr>\n<tr>\n<td width=\"64\"><a href=\"https:\/\/pzszerm.pl\/zawody\/kalendarium-zawodow\/zawody\/?id=4488\">Otwarte Mistrzostwa Bydgoszczy we florecie dziewcz\u0105t i ch\u0142opc\u00f3w \u2013 Bydgoszcz 2025\/2026<\/a><\/td>\n<td width=\"64\">Dzieci (D), M\u0142odzicy (M\u0141)<\/td>\n<td width=\"96\">Floret (Fl)<\/td>\n<td width=\"109\">11.10.2025<\/td>\n<td width=\"113\">11.10.2025<\/td>\n<td width=\"125\">Bydgoszcz<\/td>\n<\/tr>\n<tr>\n<td width=\"64\"><a href=\"https:\/\/pzszerm.pl\/zawody\/kalendarium-zawodow\/zawody\/?id=4402\">I Puchar Polski Senior\u00f3w we florecie kobiet i m\u0119\u017cczyzn \u2013 Gda\u0144sk 2025\/2026<\/a><\/td>\n<td width=\"64\">Seniorzy (S)<\/td>\n<td width=\"96\">Floret (Fl)<\/td>\n<td width=\"109\">18.10.2025<\/td>\n<td width=\"113\">19.10.2025<\/td>\n<td width=\"125\">Gda\u0144sk<\/td>\n<\/tr>\n<tr>\n<td width=\"64\"><a href=\"https:\/\/pzszerm.pl\/zawody\/kalendarium-zawodow\/zawody\/?id=4489\">XIX Turniej o Puchar Rajc\u00f3w Gda\u0144skich we florecie dziewcz\u0105t i ch\u0142opc\u00f3w \u2013 Gda\u0144sk 2025\/2026<\/a><\/td>\n<td width=\"64\">Dzieci (D), M\u0142odzicy (M\u0141), Juniorzy m\u0142odsi (kadeci) (Jm\u0142)<\/td>\n<td width=\"96\">Floret (Fl)<\/td>\n<td width=\"109\">19.10.2025<\/td>\n<td width=\"113\">19.10.2025<\/td>\n<td width=\"125\">Gda\u0144sk<\/td>\n<\/tr>\n<tr>\n<td width=\"64\"><a href=\"https:\/\/pzszerm.pl\/zawody\/kalendarium-zawodow\/zawody\/?id=4478\">II Puchar Polski junior\u00f3w we florecie kobiet i m\u0119\u017cczyzn \u2013 Wroc\u0142aw 2025\/2026<\/a><\/td>\n<td width=\"64\">Juniorzy (J)<\/td>\n<td width=\"96\">Floret (Fl)<\/td>\n<td width=\"109\">25.10.2025<\/td>\n<td width=\"113\">26.10.2025<\/td>\n<td width=\"125\">Wroc\u0142aw<\/td>\n<\/tr>\n<tr>\n<td width=\"64\"><a href=\"https:\/\/pzszerm.pl\/zawody\/kalendarium-zawodow\/zawody\/?id=4521\">Puchar Europy kadet\u00f3w we florecie kobiet i m\u0119\u017cczyzn \u2013 Gothenburg 2025\/2026<\/a><\/td>\n<td width=\"64\">Juniorzy m\u0142odsi (kadeci) (Jm\u0142)<\/td>\n<td width=\"96\">Floret (Fl)<\/td>\n<td width=\"109\">25.10.2025<\/td>\n<td width=\"113\">26.10.2025<\/td>\n<td width=\"125\">Gothenburg<\/td>\n<\/tr>\n<tr>\n<td width=\"64\"><a href=\"https:\/\/pzszerm.pl\/zawody\/kalendarium-zawodow\/zawody\/?id=4417\">Puchar \u015awiata junior\u00f3w we florecie kobiet i m\u0119\u017cczyzn \u2013 Stambu\u0142 2025\/2026<\/a><\/td>\n<td width=\"64\">Juniorzy (J)<\/td>\n<td width=\"96\">Floret (Fl)<\/td>\n<td width=\"109\">31.10.2025<\/td>\n<td width=\"113\">02.11.2025<\/td>\n<td width=\"125\">Stambu\u0142<\/td>\n<\/tr>\n<tr>\n<td style=\"text-align: left;\" colspan=\"5\" width=\"446\"><strong>Listopad \u2013 2025<\/strong><\/td>\n<td>\u00a0<\/td>\n<\/tr>\n<tr>\n<td width=\"64\">Nazwa<\/td>\n<td width=\"64\">Kat. wiekowe<\/td>\n<td width=\"96\">Bronie<\/td>\n<td width=\"109\">Data rozpocz\u0119cia<\/td>\n<td width=\"113\">Data zako\u0144czenia<\/td>\n<td width=\"125\">Miejsce<\/td>\n<\/tr>\n<tr>\n<td width=\"64\"><a href=\"https:\/\/pzszerm.pl\/zawody\/kalendarium-zawodow\/zawody\/?id=4419\">Puchar \u015awiata senior\u00f3w we florecie kobiet \u2013 Palma de Mallorca 2025\/2026<\/a><\/td>\n<td width=\"64\">Seniorzy (S)<\/td>\n<td width=\"96\">Floret (Fl)<\/td>\n<td width=\"109\">06.11.2025<\/td>\n<td width=\"113\">09.11.2025<\/td>\n<td width=\"125\">Palma de Mallorca<\/td>\n<\/tr>\n<tr>\n<td width=\"64\"><a href=\"https:\/\/pzszerm.pl\/zawody\/kalendarium-zawodow\/zawody\/?id=4422\">Puchar \u015awiata senior\u00f3w we florecie m\u0119\u017cczyzn \u2013 Palma de Mallorca 2025\/2026<\/a><\/td>\n<td width=\"64\">Seniorzy (S)<\/td>\n<td width=\"96\">Floret (Fl)<\/td>\n<td width=\"109\">06.11.2025<\/td>\n<td width=\"113\">09.11.2025<\/td>\n<td width=\"125\">Palma de Mallorca<\/td>\n<\/tr>\n<tr>\n<td width=\"64\"><a href=\"https:\/\/pzszerm.pl\/zawody\/kalendarium-zawodow\/zawody\/?id=4423\">Puchar \u015awiata junior\u00f3w we florecie kobiet i m\u0119\u017cczyzn \u2013 Lima 2025\/2026<\/a><\/td>\n<td width=\"64\">Juniorzy (J)<\/td>\n<td width=\"96\">Floret (Fl)<\/td>\n<td width=\"109\">14.11.2025<\/td>\n<td width=\"113\">16.11.2025<\/td>\n<td width=\"125\">Lima<\/td>\n<\/tr>\n<tr>\n<td width=\"64\"><a href=\"https:\/\/pzszerm.pl\/zawody\/kalendarium-zawodow\/zawody\/?id=4415\">IX Og\u00f3lnopolski Turniej Floretowy z okazji \u015awi\u0119ta Niepodleg\u0142o\u015bci \u2013 Toru\u0144 2025\/2026<\/a><\/td>\n<td width=\"64\">Zuchy (Z), Dzieci (D), M\u0142odzicy (M\u0141)<\/td>\n<td width=\"96\">Floret (Fl)<\/td>\n<td width=\"109\">15.11.2025<\/td>\n<td width=\"113\">16.11.2025<\/td>\n<td width=\"125\">Toru\u0144<\/td>\n<\/tr>\n<tr>\n<td width=\"64\"><a href=\"https:\/\/pzszerm.pl\/zawody\/kalendarium-zawodow\/zawody\/?id=4524\">Puchar Europy kadet\u00f3w we florecie kobiet i m\u0119\u017cczyzn \u2013 Budapeszt 2025\/2026<\/a><\/td>\n<td width=\"64\">Juniorzy m\u0142odsi (kadeci) (Jm\u0142)<\/td>\n<td width=\"96\">Floret (Fl)<\/td>\n<td width=\"109\">15.11.2025<\/td>\n<td width=\"113\">16.11.2025<\/td>\n<td width=\"125\">Budapeszt<\/td>\n<\/tr>\n<tr>\n<td width=\"64\"><a href=\"https:\/\/pzszerm.pl\/zawody\/kalendarium-zawodow\/zawody\/?id=4411\">III Puchar Polski Junior\u00f3w we florecie kobiet i m\u0119\u017cczyzn \u2013 Gda\u0144sk 2025\/2026<\/a><\/td>\n<td width=\"64\">Juniorzy (J)<\/td>\n<td width=\"96\">Floret (Fl)<\/td>\n<td width=\"109\">22.11.2025<\/td>\n<td width=\"113\">23.11.2025<\/td>\n<td width=\"125\">Gda\u0144sk<\/td>\n<\/tr>\n<tr>\n<td width=\"64\"><a href=\"https:\/\/pzszerm.pl\/zawody\/kalendarium-zawodow\/zawody\/?id=4413\">II Puchar Polski Junior\u00f3w M\u0142odszych we florecie kobiet i m\u0119\u017cczyzn \u2013 Gda\u0144sk 2025\/2026<\/a><\/td>\n<td width=\"64\">Juniorzy m\u0142odsi (kadeci) (Jm\u0142)<\/td>\n<td width=\"96\">Floret (Fl)<\/td>\n<td width=\"109\">22.11.2025<\/td>\n<td width=\"113\">23.11.2025<\/td>\n<td width=\"125\">Gda\u0144sk<\/td>\n<\/tr>\n<tr>\n<td width=\"64\"><a href=\"https:\/\/pzszerm.pl\/zawody\/kalendarium-zawodow\/zawody\/?id=4490\">XXVII Turniej Szermierczy \u201cO Puchar Ursynowa\u201d \u2013 Warszawa 2025\/2026<\/a><\/td>\n<td width=\"64\">Dzieci (D), M\u0142odzicy (M\u0141)<\/td>\n<td width=\"96\">Floret (Fl)<\/td>\n<td width=\"109\">22.11.2025<\/td>\n<td width=\"113\">23.11.2025<\/td>\n<td width=\"125\">Warszawa<\/td>\n<\/tr>\n<tr>\n<td width=\"64\"><a href=\"https:\/\/pzszerm.pl\/zawody\/kalendarium-zawodow\/zawody\/?id=4526\">Puchar Europy kadet\u00f3w we florecie kobiet i m\u0119\u017cczyzn \u2013 Norymberga 2025\/2026<\/a><\/td>\n<td width=\"64\">Juniorzy m\u0142odsi (kadeci) (Jm\u0142)<\/td>\n<td width=\"96\">Floret (Fl)<\/td>\n<td width=\"109\">22.11.2025<\/td>\n<td width=\"113\">23.11.2025<\/td>\n<td width=\"125\">Norymberga<\/td>\n<\/tr>\n<tr>\n<td width=\"64\"><a href=\"https:\/\/pzszerm.pl\/zawody\/kalendarium-zawodow\/zawody\/?id=4428\">Puchar \u015awiata junior\u00f3w we florecie kobiet i m\u0119\u017cczyzn \u2013 Samorin 2025\/2026<\/a><\/td>\n<td width=\"64\">Juniorzy (J)<\/td>\n<td width=\"96\">Floret (Fl)<\/td>\n<td width=\"109\">28.11.2025<\/td>\n<td width=\"113\">30.11.2025<\/td>\n<td width=\"125\">Samorin<\/td>\n<\/tr>\n<tr>\n<td width=\"64\"><a href=\"https:\/\/pzszerm.pl\/zawody\/kalendarium-zawodow\/zawody\/?id=4494\">XIII Mi\u0119dzynarodowy Turniej Dzieci i M\u0142odzik\u00f3w we florecie \u2013 Wroc\u0142aw 2025\/2026<\/a><\/td>\n<td width=\"64\">Zuchy (Z), Dzieci (D), M\u0142odzicy (M\u0141)<\/td>\n<td width=\"96\">Floret (Fl)<\/td>\n<td width=\"109\">29.11.2025<\/td>\n<td width=\"113\">30.11.2025<\/td>\n<td width=\"125\">Wroc\u0142aw<\/td>\n<\/tr>\n<tr>\n<td style=\"text-align: left;\" colspan=\"5\" width=\"446\"><strong>Grudzie\u0144 \u2013 2025<\/strong><\/td>\n<td>\u00a0<\/td>\n<\/tr>\n<tr>\n<td width=\"64\">Nazwa<\/td>\n<td width=\"64\">Kat. wiekowe<\/td>\n<td width=\"96\">Bronie<\/td>\n<td width=\"109\">Data rozpocz\u0119cia<\/td>\n<td width=\"113\">Data zako\u0144czenia<\/td>\n<td width=\"125\">Miejsce<\/td>\n<\/tr>\n<tr>\n<td width=\"64\"><a href=\"https:\/\/pzszerm.pl\/zawody\/kalendarium-zawodow\/zawody\/?id=4429\">Puchar \u015awiata senior\u00f3w we florecie kobiet \u2013 Busan 2025\/2026<\/a><\/td>\n<td width=\"64\">Seniorzy (S)<\/td>\n<td width=\"96\">Floret (Fl)<\/td>\n<td width=\"109\">05.12.2025<\/td>\n<td width=\"113\">07.12.2025<\/td>\n<td width=\"125\">Busan<\/td>\n<\/tr>\n<tr>\n<td width=\"64\"><a href=\"https:\/\/pzszerm.pl\/zawody\/kalendarium-zawodow\/zawody\/?id=4431\">Puchar \u015awiata senior\u00f3w we florecie m\u0119\u017cczyzn \u2013 Tokio 2025\/2026<\/a><\/td>\n<td width=\"64\">Seniorzy (S)<\/td>\n<td width=\"96\">Floret (Fl)<\/td>\n<td width=\"109\">05.12.2025<\/td>\n<td width=\"113\">07.12.2025<\/td>\n<td width=\"125\">Tokio<\/td>\n<\/tr>\n<tr>\n<td width=\"64\"><a href=\"https:\/\/pzszerm.pl\/zawody\/kalendarium-zawodow\/zawody\/?id=4529\">Puchar Europy kadet\u00f3w we florecie kobiet i m\u0119\u017cczyzn \u2013 Cabries 2025\/2026<\/a><\/td>\n<td width=\"64\">Juniorzy m\u0142odsi (kadeci) (Jm\u0142)<\/td>\n<td width=\"96\">Floret (Fl)<\/td>\n<td width=\"109\">06.12.2025<\/td>\n<td width=\"113\">07.12.2025<\/td>\n<td width=\"125\">Cabries<\/td>\n<\/tr>\n<tr>\n<td width=\"64\"><a href=\"https:\/\/pzszerm.pl\/zawody\/kalendarium-zawodow\/zawody\/?id=4433\">Puchar \u015awiata junior\u00f3w we florecie kobiet i m\u0119\u017cczyzn \u2013 Bangkok 2025\/2026<\/a><\/td>\n<td width=\"64\">Juniorzy (J)<\/td>\n<td width=\"96\">Floret (Fl)<\/td>\n<td width=\"109\">13.12.2025<\/td>\n<td width=\"113\">15.12.2025<\/td>\n<td width=\"125\">Bangkok<\/td>\n<\/tr>\n<tr>\n<td width=\"64\"><a href=\"https:\/\/pzszerm.pl\/zawody\/kalendarium-zawodow\/zawody\/?id=4408\">II Puchar Polski Senior\u00f3w we florecie kobiet i m\u0119\u017cczyzn \u2013 Wroc\u0142aw 2025\/2026<\/a><\/td>\n<td width=\"64\">Seniorzy (S)<\/td>\n<td width=\"96\">Floret (Fl)<\/td>\n<td width=\"109\">20.12.2025<\/td>\n<td width=\"113\">21.12.2025<\/td>\n<td width=\"125\">Wroc\u0142aw<\/td>\n<\/tr>\n<tr>\n<td style=\"text-align: left;\" colspan=\"5\" width=\"446\"><strong>Stycze\u0144 \u2013 2026<\/strong><\/td>\n<td>\u00a0<\/td>\n<\/tr>\n<tr>\n<td width=\"64\">Nazwa<\/td>\n<td width=\"64\">Kat. wiekowe<\/td>\n<td width=\"96\">Bronie<\/td>\n<td width=\"109\">Data rozpocz\u0119cia<\/td>\n<td width=\"113\">Data zako\u0144czenia<\/td>\n<td width=\"125\">Miejsce<\/td>\n<\/tr>\n<tr>\n<td width=\"64\"><a href=\"https:\/\/pzszerm.pl\/zawody\/kalendarium-zawodow\/zawody\/?id=4440\">Puchar \u015awiata junior\u00f3w we florecie kobiet i m\u0119\u017cczyzn \u2013 Fujairah 2025\/2026<\/a><\/td>\n<td width=\"64\">Juniorzy (J)<\/td>\n<td width=\"96\">Floret (Fl)<\/td>\n<td width=\"109\">02.01.2026<\/td>\n<td width=\"113\">04.01.2026<\/td>\n<td width=\"125\">Fujairah<\/td>\n<\/tr>\n<tr>\n<td width=\"64\"><a href=\"https:\/\/pzszerm.pl\/zawody\/kalendarium-zawodow\/zawody\/?id=4441\">Puchar \u015awiata senior\u00f3w we florecie kobiet \u2013 Hongkong 2025\/2026<\/a><\/td>\n<td width=\"64\">Seniorzy (S)<\/td>\n<td width=\"96\">Floret (Fl)<\/td>\n<td width=\"109\">09.01.2026<\/td>\n<td width=\"113\">11.01.2026<\/td>\n<td width=\"125\">Hongkong<\/td>\n<\/tr>\n<tr>\n<td width=\"64\"><a href=\"https:\/\/pzszerm.pl\/zawody\/kalendarium-zawodow\/zawody\/?id=4442\">Puchar \u015awiata senior\u00f3w we florecie m\u0119\u017cczyzn -Pary\u017c 2025\/2026<\/a><\/td>\n<td width=\"64\">Seniorzy (S)<\/td>\n<td width=\"96\">Floret (Fl)<\/td>\n<td width=\"109\">09.01.2026<\/td>\n<td width=\"113\">11.01.2026<\/td>\n<td width=\"125\">Pary\u017c<\/td>\n<\/tr>\n<tr>\n<td width=\"64\"><a href=\"https:\/\/pzszerm.pl\/zawody\/kalendarium-zawodow\/zawody\/?id=4532\">Puchar Europy kadet\u00f3w we florecie kobiet \u2013 Pozna\u0144 2025\/2026<\/a><\/td>\n<td width=\"64\">Juniorzy m\u0142odsi (kadeci) (Jm\u0142)<\/td>\n<td width=\"96\">Floret (Fl)<\/td>\n<td width=\"109\">10.01.2026<\/td>\n<td width=\"113\">11.01.2026<\/td>\n<td width=\"125\">Pozna\u0144<\/td>\n<\/tr>\n<tr>\n<td width=\"64\"><a href=\"https:\/\/pzszerm.pl\/zawody\/kalendarium-zawodow\/zawody\/?id=4446\">Puchar \u015awiata junior\u00f3w we florecie m\u0119\u017cczyzn \u2013 Madryt 2025\/2026<\/a><\/td>\n<td width=\"64\">Juniorzy (J)<\/td>\n<td width=\"96\">Floret (Fl)<\/td>\n<td width=\"109\">17.01.2026<\/td>\n<td width=\"113\">18.01.2026<\/td>\n<td width=\"125\">Madryt<\/td>\n<\/tr>\n<tr>\n<td width=\"64\"><a href=\"https:\/\/pzszerm.pl\/zawody\/kalendarium-zawodow\/zawody\/?id=4448\">Puchar \u015awiata junior\u00f3w we florecie kobiet \u2013 Tbilisi 2025\/2026<\/a><\/td>\n<td width=\"64\">Juniorzy (J)<\/td>\n<td width=\"96\">Floret (Fl)<\/td>\n<td width=\"109\">17.01.2026<\/td>\n<td width=\"113\">18.01.2026<\/td>\n<td width=\"125\">Tbilisi<\/td>\n<\/tr>\n<tr>\n<td width=\"64\"><a href=\"https:\/\/pzszerm.pl\/zawody\/kalendarium-zawodow\/zawody\/?id=4536\">Puchar Europy kadet\u00f3w we florecie kobiet i m\u0119\u017cczyzn \u2013 Ryga 2025\/2026<\/a><\/td>\n<td width=\"64\">Juniorzy m\u0142odsi (kadeci) (Jm\u0142)<\/td>\n<td width=\"96\">Floret (Fl)<\/td>\n<td width=\"109\">24.01.2026<\/td>\n<td width=\"113\">25.01.2026<\/td>\n<td width=\"125\">Ryga<\/td>\n<\/tr>\n<tr>\n<td width=\"64\"><a href=\"https:\/\/pzszerm.pl\/zawody\/kalendarium-zawodow\/zawody\/?id=4452\">Puchar \u015awiata junior\u00f3w we florecie kobiet i m\u0119\u017cczyzn \u2013 Accra 2025\/2026<\/a><\/td>\n<td width=\"64\">Juniorzy (J)<\/td>\n<td width=\"96\">Floret (Fl)<\/td>\n<td width=\"109\">30.01.2026<\/td>\n<td width=\"113\">01.02.2026<\/td>\n<td width=\"125\">Accra<\/td>\n<\/tr>\n<tr>\n<td style=\"text-align: left;\" colspan=\"5\" width=\"446\"><strong>Luty \u2013 2026<\/strong><\/td>\n<td>\u00a0<\/td>\n<\/tr>\n<tr>\n<td width=\"64\">Nazwa<\/td>\n<td width=\"64\">Kat. wiekowe<\/td>\n<td width=\"96\">Bronie<\/td>\n<td width=\"109\">Data rozpocz\u0119cia<\/td>\n<td width=\"113\">Data zako\u0144czenia<\/td>\n<td width=\"125\">Miejsce<\/td>\n<\/tr>\n<tr>\n<td width=\"64\"><a href=\"https:\/\/pzszerm.pl\/zawody\/kalendarium-zawodow\/zawody\/?id=4456\">Grand Prix Pucharu \u015awiata we florecie kobiet i m\u0119\u017cczyzn \u2013 Turyn 2025\/2026<\/a><\/td>\n<td width=\"64\">Seniorzy (S)<\/td>\n<td width=\"96\">Floret (Fl)<\/td>\n<td width=\"109\">05.02.2026<\/td>\n<td width=\"113\">07.02.2026<\/td>\n<td width=\"125\">Turyn<\/td>\n<\/tr>\n<tr>\n<td width=\"64\"><a href=\"https:\/\/pzszerm.pl\/zawody\/kalendarium-zawodow\/zawody\/?id=4537\">Puchar Europy kadetow we florecie kobiet i m\u0119\u017cczyzn \u2013 Sofia 2025\/2026<\/a><\/td>\n<td width=\"64\">Juniorzy m\u0142odsi (kadeci) (Jm\u0142)<\/td>\n<td width=\"96\">Floret (Fl)<\/td>\n<td width=\"109\">07.02.2026<\/td>\n<td width=\"113\">08.02.2026<\/td>\n<td width=\"125\">Sofia<\/td>\n<\/tr>\n<tr>\n<td width=\"64\"><a href=\"https:\/\/pzszerm.pl\/zawody\/kalendarium-zawodow\/zawody\/?id=4460\">Puchar \u015awiata junior\u00f3w we florecie kobiet i m\u0119\u017cczyzn \u2013 San-Jose 2025\/2026<\/a><\/td>\n<td width=\"64\">Juniorzy (J)<\/td>\n<td width=\"96\">Floret (Fl)<\/td>\n<td width=\"109\">13.02.2026<\/td>\n<td width=\"113\">15.02.2026<\/td>\n<td width=\"125\">San-Jose<\/td>\n<\/tr>\n<tr>\n<td style=\"text-align: left;\" colspan=\"5\" width=\"446\"><strong>Marzec \u2013 2026<\/strong><\/td>\n<td>\u00a0<\/td>\n<\/tr>\n<tr>\n<td width=\"64\">Nazwa<\/td>\n<td width=\"64\">Kat. wiekowe<\/td>\n<td width=\"96\">Bronie<\/td>\n<td width=\"109\">Data rozpocz\u0119cia<\/td>\n<td width=\"113\">Data zako\u0144czenia<\/td>\n<td width=\"125\">Miejsce<\/td>\n<\/tr>\n<tr>\n<td width=\"64\"><a href=\"https:\/\/pzszerm.pl\/zawody\/kalendarium-zawodow\/zawody\/?id=4463\">Puchar \u015awiata senior\u00f3w we florecie kobiet i m\u0119\u017cczyzn \u2013 Kair 2025\/2026<\/a><\/td>\n<td width=\"64\">Seniorzy (S)<\/td>\n<td width=\"96\">Floret (Fl)<\/td>\n<td width=\"109\">05.03.2026<\/td>\n<td width=\"113\">08.03.2026<\/td>\n<td width=\"125\">Kair<\/td>\n<\/tr>\n<tr>\n<td width=\"64\"><a href=\"https:\/\/pzszerm.pl\/zawody\/kalendarium-zawodow\/zawody\/?id=4495\">48 Challenge Wratislavia \u2013 Wroc\u0142aw 2025\/2026<\/a><\/td>\n<td width=\"64\">Zuchy (Z), Dzieci (D), M\u0142odzicy (M\u0141)<\/td>\n<td width=\"96\">Floret (Fl), Szabla (Szb), Szpada (Szp)<\/td>\n<td width=\"109\">19.03.2026<\/td>\n<td width=\"113\">23.03.2026<\/td>\n<td width=\"125\">Wroc\u0142aw<\/td>\n<\/tr>\n<tr>\n<td width=\"64\"><a href=\"https:\/\/pzszerm.pl\/zawody\/kalendarium-zawodow\/zawody\/?id=4466\">Grand Prix Pucharu \u015awiata we florecie kobiet i m\u0119\u017cczyzn \u2013 Lima 2025\/2026<\/a><\/td>\n<td width=\"64\">Seniorzy (S)<\/td>\n<td width=\"96\">Floret (Fl)<\/td>\n<td width=\"109\">20.03.2026<\/td>\n<td width=\"113\">22.03.2026<\/td>\n<td width=\"125\">Lima<\/td>\n<\/tr>\n<tr>\n<td style=\"text-align: left;\" colspan=\"5\" width=\"446\"><strong>Kwiecie\u0144 \u2013 2026<\/strong><\/td>\n<td>\u00a0<\/td>\n<\/tr>\n<tr>\n<td width=\"64\">Nazwa<\/td>\n<td width=\"64\">Kat. wiekowe<\/td>\n<td width=\"96\">Bronie<\/td>\n<td width=\"109\">Data rozpocz\u0119cia<\/td>\n<td width=\"113\">Data zako\u0144czenia<\/td>\n<td width=\"125\">Miejsce<\/td>\n<\/tr>\n<tr>\n<td width=\"64\"><a href=\"https:\/\/pzszerm.pl\/zawody\/kalendarium-zawodow\/zawody\/?id=4491\">XXIII PUCHAR ZIEM P\u00d3\u0141NOCNYCH Mi\u0119dzynarodowy Turniej dziewcz\u0105t i ch\u0142opc\u00f3w we florecie \u2013 Szczecin 2025\/2026<\/a><\/td>\n<td width=\"64\">Skrzaty (Sk), Zuchy (Z), Dzieci (D), M\u0142odzicy (M\u0141)<\/td>\n<td width=\"96\">Floret (Fl)<\/td>\n<td width=\"109\">11.04.2026<\/td>\n<td width=\"113\">12.04.2026<\/td>\n<td width=\"125\">Szczecin<\/td>\n<\/tr>\n<tr>\n<td width=\"64\"><a href=\"https:\/\/pzszerm.pl\/zawody\/kalendarium-zawodow\/zawody\/?id=4470\">Puchar \u015awiata senior\u00f3w we florecie kobiet i m\u0119\u017cczyzn \u2013 Playa del Carmen 2025\/2026<\/a><\/td>\n<td width=\"64\">Seniorzy (S)<\/td>\n<td width=\"96\">Floret (Fl)<\/td>\n<td width=\"109\">30.04.2026<\/td>\n<td width=\"113\">03.05.2026<\/td>\n<td width=\"125\">Playa del Carmen<\/td>\n<\/tr>\n<tr>\n<td style=\"text-align: left;\" colspan=\"5\" width=\"446\"><strong>Maj \u2013 2026<\/strong><\/td>\n<td>\u00a0<\/td>\n<\/tr>\n<tr>\n<td width=\"64\">Nazwa<\/td>\n<td width=\"64\">Kat. wiekowe<\/td>\n<td width=\"96\">Bronie<\/td>\n<td width=\"109\">Data rozpocz\u0119cia<\/td>\n<td width=\"113\">Data zako\u0144czenia<\/td>\n<td width=\"125\">Miejsce<\/td>\n<\/tr>\n<tr>\n<td width=\"64\"><a href=\"https:\/\/pzszerm.pl\/zawody\/kalendarium-zawodow\/zawody\/?id=4473\">Grand Prix Pucharu \u015awiata we florecie kobiet i m\u0119\u017cczyzn \u2013 Szanghaj 2025\/2026<\/a><\/td>\n<td width=\"64\">Seniorzy (S)<\/td>\n<td width=\"96\">Floret (Fl)<\/td>\n<td width=\"109\">15.05.2026<\/td>\n<td width=\"113\">17.05.2026<\/td>\n<td width=\"125\">Szanghaj<\/td>\n<\/tr>\n<tr>\n<td width=\"64\"><a href=\"https:\/\/pzszerm.pl\/zawody\/kalendarium-zawodow\/zawody\/?id=4492\">XXIII Mi\u0119dzynarodowy Turniej \u201cKu\u017ania Gda\u0144ska\u201d \u2013 Gda\u0144sk 2025\/2026<\/a><\/td>\n<td width=\"64\">Zuchy (Z), Dzieci (D), M\u0142odzicy (M\u0141)<\/td>\n<td width=\"96\">Floret (Fl)<\/td>\n<td width=\"109\">16.05.2026<\/td>\n<td width=\"113\">17.05.2026<\/td>\n<td width=\"125\">Gda\u0144sk<\/td>\n<\/tr>\n<tr>\n<td width=\"64\"><a href=\"https:\/\/pzszerm.pl\/zawody\/kalendarium-zawodow\/zawody\/?id=4493\">Europejski Festiwal Szermierki im. Mateusza Witkowskiego XIX Memoria\u0142 Fechmistrza Jana Nowaka \u2013 Pozna\u0144 2025\/2026<\/a><\/td>\n<td width=\"64\">Zuchy (Z), Dzieci (D), M\u0142odzicy (M\u0141), Juniorzy m\u0142odsi (kadeci) (Jm\u0142)<\/td>\n<td width=\"96\">Floret (Fl)<\/td>\n<td width=\"109\">23.05.2026<\/td>\n<td width=\"113\">24.05.2026<\/td>\n<td width=\"125\">Pozna\u0144<\/td>\n<\/tr>\n<tr>\n<td style=\"text-align: left;\" colspan=\"5\" width=\"446\"><strong>Czerwiec \u2013 2026<\/strong><\/td>\n<td>\u00a0<\/td>\n<\/tr>\n<tr>\n<td width=\"64\">Nazwa<\/td>\n<td width=\"64\">Kat. wiekowe<\/td>\n<td width=\"96\">Bronie<\/td>\n<td width=\"109\">Data rozpocz\u0119cia<\/td>\n<td width=\"113\">Data zako\u0144czenia<\/td>\n<td width=\"125\">Miejsce<\/td>\n<\/tr>\n<tr>\n<td width=\"64\"><a href=\"https:\/\/pzszerm.pl\/zawody\/kalendarium-zawodow\/zawody\/?id=4496\">Mistrzostwa Polski M\u0142odzik\u00f3w we florecie dziewcz\u0105t i ch\u0142opc\u00f3w \u2013 TBD 2025\/2026<\/a><\/td>\n<td width=\"64\">M\u0142odzicy (M\u0141)<\/td>\n<td width=\"96\">Floret (Fl)<\/td>\n<td width=\"109\">13.06.2026<\/td>\n<td width=\"113\">14.06.2026<\/td>\n<td width=\"125\">TBD<\/td>\n<\/tr>\n<\/tbody>\n<\/table>\n<\/div>\n<\/div>\n<p><\/p>\t\t\t\t\t\t\t\t<\/div>\n\t\t\t\t<\/div>\n\t\t\t\t\t<\/div>\n\t\t<\/div>\n\t\t\t\t\t<\/div>\n\t\t<\/section>\n\t\t<\/p>\n<div class=\"wp-block-group has-global-padding is-layout-constrained wp-block-group-is-layout-constrained\">\n<p><!-- wp:group {\"layout\":{\"type\":\"constrained\"}} --><\/p>\n<div class=\"wp-block-group\">\n<p><!-- wp:paragraph {\"style\":{\"color\":{\"background\":\"#002c58\"}},\"textColor\":\"white\"} --><\/p>\n<p class=\"has-white-color has-text-color has-background\" style=\"background-color: #002c58;\"><em>Ka\u017cdy wyjazd na zawody powinien by\u0107 uzgodniony z w\u0142a\u015bciwym dla zawodnika trenerem.<\/em><\/p>\n<p><!-- \/wp:paragraph --><!-- wp:paragraph {\"style\":{\"color\":{\"background\":\"#002c58\"}},\"textColor\":\"white\"} --><\/p>\n<p class=\"has-white-color has-text-color has-background\" style=\"background-color: #002c58;\"><em>W przypadku organizacji <em>przez rodzic\u00f3w<\/em><\/em> <em>wsp\u00f3lnego wyjazdu, prosimy o kontakt, ch\u0119tnie pomo\u017cemy. <\/em><\/p>\n<p><span style=\"color: #ff0000;\"><em><strong><a  data-e-Disable-Page-Transition=\"true\" class=\"download-link\" title=\"\" href=\"https:\/\/ksdartagnan.pl?download=3467&amp;tmstv=1777476487\" rel=\"nofollow\" id=\"download-link-3467\" data-redirect=\"false\" >\n\tKOMUNIKAT-MISTRZOSTWA-MAZOWSZA-FLORET.pdf<\/a>\n 19.04.2026 ( niedziela )<\/strong><\/em><\/span><\/p>\n<table style=\"background-color: #ffffff;\" width=\"571\">\n<tbody>\n<tr>\n<td style=\"text-align: left;\" colspan=\"5\" width=\"446\"><strong>Pa\u017adziernik \u2013 2025<\/strong><\/td>\n<td width=\"125\">\u00a0<\/td>\n<\/tr>\n<tr>\n<td width=\"64\">Nazwa<\/td>\n<td width=\"64\">Kat. wiekowe<\/td>\n<td width=\"96\">Bronie<\/td>\n<td width=\"109\">Data rozpocz\u0119cia<\/td>\n<td width=\"113\">Data zako\u0144czenia<\/td>\n<td width=\"125\">Miejsce<\/td>\n<\/tr>\n<tr>\n<td width=\"64\"><a href=\"https:\/\/pzszerm.pl\/zawody\/kalendarium-zawodow\/zawody\/?id=4516\">Puchar Europy kadet\u00f3w we florecie kobiet i m\u0119\u017cczyzn \u2013 Samorin 2025\/2026<\/a><\/td>\n<td width=\"64\">Juniorzy m\u0142odsi (kadeci) (Jm\u0142)<\/td>\n<td width=\"96\">Floret (Fl)<\/td>\n<td width=\"109\">03.10.2025<\/td>\n<td width=\"113\">05.10.2025<\/td>\n<td width=\"125\">Samorin<\/td>\n<\/tr>\n<tr>\n<td width=\"64\"><a href=\"https:\/\/pzszerm.pl\/zawody\/kalendarium-zawodow\/zawody\/?id=4488\">Otwarte Mistrzostwa Bydgoszczy we florecie dziewcz\u0105t i ch\u0142opc\u00f3w \u2013 Bydgoszcz 2025\/2026<\/a><\/td>\n<td width=\"64\">Dzieci (D), M\u0142odzicy (M\u0141)<\/td>\n<td width=\"96\">Floret (Fl)<\/td>\n<td width=\"109\">11.10.2025<\/td>\n<td width=\"113\">11.10.2025<\/td>\n<td width=\"125\">Bydgoszcz<\/td>\n<\/tr>\n<tr>\n<td width=\"64\"><a href=\"https:\/\/pzszerm.pl\/zawody\/kalendarium-zawodow\/zawody\/?id=4402\">I Puchar Polski Senior\u00f3w we florecie kobiet i m\u0119\u017cczyzn \u2013 Gda\u0144sk 2025\/2026<\/a><\/td>\n<td width=\"64\">Seniorzy (S)<\/td>\n<td width=\"96\">Floret (Fl)<\/td>\n<td width=\"109\">18.10.2025<\/td>\n<td width=\"113\">19.10.2025<\/td>\n<td width=\"125\">Gda\u0144sk<\/td>\n<\/tr>\n<tr>\n<td width=\"64\"><a href=\"https:\/\/pzszerm.pl\/zawody\/kalendarium-zawodow\/zawody\/?id=4489\">XIX Turniej o Puchar Rajc\u00f3w Gda\u0144skich we florecie dziewcz\u0105t i ch\u0142opc\u00f3w \u2013 Gda\u0144sk 2025\/2026<\/a><\/td>\n<td width=\"64\">Dzieci (D), M\u0142odzicy (M\u0141), Juniorzy m\u0142odsi (kadeci) (Jm\u0142)<\/td>\n<td width=\"96\">Floret (Fl)<\/td>\n<td width=\"109\">19.10.2025<\/td>\n<td width=\"113\">19.10.2025<\/td>\n<td width=\"125\">Gda\u0144sk<\/td>\n<\/tr>\n<tr>\n<td width=\"64\"><a href=\"https:\/\/pzszerm.pl\/zawody\/kalendarium-zawodow\/zawody\/?id=4478\">II Puchar Polski junior\u00f3w we florecie kobiet i m\u0119\u017cczyzn \u2013 Wroc\u0142aw 2025\/2026<\/a><\/td>\n<td width=\"64\">Juniorzy (J)<\/td>\n<td width=\"96\">Floret (Fl)<\/td>\n<td width=\"109\">25.10.2025<\/td>\n<td width=\"113\">26.10.2025<\/td>\n<td width=\"125\">Wroc\u0142aw<\/td>\n<\/tr>\n<tr>\n<td width=\"64\"><a href=\"https:\/\/pzszerm.pl\/zawody\/kalendarium-zawodow\/zawody\/?id=4521\">Puchar Europy kadet\u00f3w we florecie kobiet i m\u0119\u017cczyzn \u2013 Gothenburg 2025\/2026<\/a><\/td>\n<td width=\"64\">Juniorzy m\u0142odsi (kadeci) (Jm\u0142)<\/td>\n<td width=\"96\">Floret (Fl)<\/td>\n<td width=\"109\">25.10.2025<\/td>\n<td width=\"113\">26.10.2025<\/td>\n<td width=\"125\">Gothenburg<\/td>\n<\/tr>\n<tr>\n<td width=\"64\"><a href=\"https:\/\/pzszerm.pl\/zawody\/kalendarium-zawodow\/zawody\/?id=4417\">Puchar \u015awiata junior\u00f3w we florecie kobiet i m\u0119\u017cczyzn \u2013 Stambu\u0142 2025\/2026<\/a><\/td>\n<td width=\"64\">Juniorzy (J)<\/td>\n<td width=\"96\">Floret (Fl)<\/td>\n<td width=\"109\">31.10.2025<\/td>\n<td width=\"113\">02.11.2025<\/td>\n<td width=\"125\">Stambu\u0142<\/td>\n<\/tr>\n<tr>\n<td style=\"text-align: left;\" colspan=\"5\" width=\"446\"><strong>Listopad \u2013 2025<\/strong><\/td>\n<td>\u00a0<\/td>\n<\/tr>\n<tr>\n<td width=\"64\">Nazwa<\/td>\n<td width=\"64\">Kat. wiekowe<\/td>\n<td width=\"96\">Bronie<\/td>\n<td width=\"109\">Data rozpocz\u0119cia<\/td>\n<td width=\"113\">Data zako\u0144czenia<\/td>\n<td width=\"125\">Miejsce<\/td>\n<\/tr>\n<tr>\n<td width=\"64\"><a href=\"https:\/\/pzszerm.pl\/zawody\/kalendarium-zawodow\/zawody\/?id=4419\">Puchar \u015awiata senior\u00f3w we florecie kobiet \u2013 Palma de Mallorca 2025\/2026<\/a><\/td>\n<td width=\"64\">Seniorzy (S)<\/td>\n<td width=\"96\">Floret (Fl)<\/td>\n<td width=\"109\">06.11.2025<\/td>\n<td width=\"113\">09.11.2025<\/td>\n<td width=\"125\">Palma de Mallorca<\/td>\n<\/tr>\n<tr>\n<td width=\"64\"><a href=\"https:\/\/pzszerm.pl\/zawody\/kalendarium-zawodow\/zawody\/?id=4422\">Puchar \u015awiata senior\u00f3w we florecie m\u0119\u017cczyzn \u2013 Palma de Mallorca 2025\/2026<\/a><\/td>\n<td width=\"64\">Seniorzy (S)<\/td>\n<td width=\"96\">Floret (Fl)<\/td>\n<td width=\"109\">06.11.2025<\/td>\n<td width=\"113\">09.11.2025<\/td>\n<td width=\"125\">Palma de Mallorca<\/td>\n<\/tr>\n<tr>\n<td width=\"64\"><a href=\"https:\/\/pzszerm.pl\/zawody\/kalendarium-zawodow\/zawody\/?id=4423\">Puchar \u015awiata junior\u00f3w we florecie kobiet i m\u0119\u017cczyzn \u2013 Lima 2025\/2026<\/a><\/td>\n<td width=\"64\">Juniorzy (J)<\/td>\n<td width=\"96\">Floret (Fl)<\/td>\n<td width=\"109\">14.11.2025<\/td>\n<td width=\"113\">16.11.2025<\/td>\n<td width=\"125\">Lima<\/td>\n<\/tr>\n<tr>\n<td width=\"64\"><a href=\"https:\/\/pzszerm.pl\/zawody\/kalendarium-zawodow\/zawody\/?id=4415\">IX Og\u00f3lnopolski Turniej Floretowy z okazji \u015awi\u0119ta Niepodleg\u0142o\u015bci \u2013 Toru\u0144 2025\/2026<\/a><\/td>\n<td width=\"64\">Zuchy (Z), Dzieci (D), M\u0142odzicy (M\u0141)<\/td>\n<td width=\"96\">Floret (Fl)<\/td>\n<td width=\"109\">15.11.2025<\/td>\n<td width=\"113\">16.11.2025<\/td>\n<td width=\"125\">Toru\u0144<\/td>\n<\/tr>\n<tr>\n<td width=\"64\"><a href=\"https:\/\/pzszerm.pl\/zawody\/kalendarium-zawodow\/zawody\/?id=4524\">Puchar Europy kadet\u00f3w we florecie kobiet i m\u0119\u017cczyzn \u2013 Budapeszt 2025\/2026<\/a><\/td>\n<td width=\"64\">Juniorzy m\u0142odsi (kadeci) (Jm\u0142)<\/td>\n<td width=\"96\">Floret (Fl)<\/td>\n<td width=\"109\">15.11.2025<\/td>\n<td width=\"113\">16.11.2025<\/td>\n<td width=\"125\">Budapeszt<\/td>\n<\/tr>\n<tr>\n<td width=\"64\"><a href=\"https:\/\/pzszerm.pl\/zawody\/kalendarium-zawodow\/zawody\/?id=4411\">III Puchar Polski Junior\u00f3w we florecie kobiet i m\u0119\u017cczyzn \u2013 Gda\u0144sk 2025\/2026<\/a><\/td>\n<td width=\"64\">Juniorzy (J)<\/td>\n<td width=\"96\">Floret (Fl)<\/td>\n<td width=\"109\">22.11.2025<\/td>\n<td width=\"113\">23.11.2025<\/td>\n<td width=\"125\">Gda\u0144sk<\/td>\n<\/tr>\n<tr>\n<td width=\"64\"><a href=\"https:\/\/pzszerm.pl\/zawody\/kalendarium-zawodow\/zawody\/?id=4413\">II Puchar Polski Junior\u00f3w M\u0142odszych we florecie kobiet i m\u0119\u017cczyzn \u2013 Gda\u0144sk 2025\/2026<\/a><\/td>\n<td width=\"64\">Juniorzy m\u0142odsi (kadeci) (Jm\u0142)<\/td>\n<td width=\"96\">Floret (Fl)<\/td>\n<td width=\"109\">22.11.2025<\/td>\n<td width=\"113\">23.11.2025<\/td>\n<td width=\"125\">Gda\u0144sk<\/td>\n<\/tr>\n<tr>\n<td width=\"64\"><a href=\"https:\/\/pzszerm.pl\/zawody\/kalendarium-zawodow\/zawody\/?id=4490\">XXVII Turniej Szermierczy \u201cO Puchar Ursynowa\u201d \u2013 Warszawa 2025\/2026<\/a><\/td>\n<td width=\"64\">Dzieci (D), M\u0142odzicy (M\u0141)<\/td>\n<td width=\"96\">Floret (Fl)<\/td>\n<td width=\"109\">22.11.2025<\/td>\n<td width=\"113\">23.11.2025<\/td>\n<td width=\"125\">Warszawa<\/td>\n<\/tr>\n<tr>\n<td width=\"64\"><a href=\"https:\/\/pzszerm.pl\/zawody\/kalendarium-zawodow\/zawody\/?id=4526\">Puchar Europy kadet\u00f3w we florecie kobiet i m\u0119\u017cczyzn \u2013 Norymberga 2025\/2026<\/a><\/td>\n<td width=\"64\">Juniorzy m\u0142odsi (kadeci) (Jm\u0142)<\/td>\n<td width=\"96\">Floret (Fl)<\/td>\n<td width=\"109\">22.11.2025<\/td>\n<td width=\"113\">23.11.2025<\/td>\n<td width=\"125\">Norymberga<\/td>\n<\/tr>\n<tr>\n<td width=\"64\"><a href=\"https:\/\/pzszerm.pl\/zawody\/kalendarium-zawodow\/zawody\/?id=4428\">Puchar \u015awiata junior\u00f3w we florecie kobiet i m\u0119\u017cczyzn \u2013 Samorin 2025\/2026<\/a><\/td>\n<td width=\"64\">Juniorzy (J)<\/td>\n<td width=\"96\">Floret (Fl)<\/td>\n<td width=\"109\">28.11.2025<\/td>\n<td width=\"113\">30.11.2025<\/td>\n<td width=\"125\">Samorin<\/td>\n<\/tr>\n<tr>\n<td width=\"64\"><a href=\"https:\/\/pzszerm.pl\/zawody\/kalendarium-zawodow\/zawody\/?id=4494\">XIII Mi\u0119dzynarodowy Turniej Dzieci i M\u0142odzik\u00f3w we florecie \u2013 Wroc\u0142aw 2025\/2026<\/a><\/td>\n<td width=\"64\">Zuchy (Z), Dzieci (D), M\u0142odzicy (M\u0141)<\/td>\n<td width=\"96\">Floret (Fl)<\/td>\n<td width=\"109\">29.11.2025<\/td>\n<td width=\"113\">30.11.2025<\/td>\n<td width=\"125\">Wroc\u0142aw<\/td>\n<\/tr>\n<tr>\n<td style=\"text-align: left;\" colspan=\"5\" width=\"446\"><strong>Grudzie\u0144 \u2013 2025<\/strong><\/td>\n<td>\u00a0<\/td>\n<\/tr>\n<tr>\n<td width=\"64\">Nazwa<\/td>\n<td width=\"64\">Kat. wiekowe<\/td>\n<td width=\"96\">Bronie<\/td>\n<td width=\"109\">Data rozpocz\u0119cia<\/td>\n<td width=\"113\">Data zako\u0144czenia<\/td>\n<td width=\"125\">Miejsce<\/td>\n<\/tr>\n<tr>\n<td width=\"64\"><a href=\"https:\/\/pzszerm.pl\/zawody\/kalendarium-zawodow\/zawody\/?id=4429\">Puchar \u015awiata senior\u00f3w we florecie kobiet \u2013 Busan 2025\/2026<\/a><\/td>\n<td width=\"64\">Seniorzy (S)<\/td>\n<td width=\"96\">Floret (Fl)<\/td>\n<td width=\"109\">05.12.2025<\/td>\n<td width=\"113\">07.12.2025<\/td>\n<td width=\"125\">Busan<\/td>\n<\/tr>\n<tr>\n<td width=\"64\"><a href=\"https:\/\/pzszerm.pl\/zawody\/kalendarium-zawodow\/zawody\/?id=4431\">Puchar \u015awiata senior\u00f3w we florecie m\u0119\u017cczyzn \u2013 Tokio 2025\/2026<\/a><\/td>\n<td width=\"64\">Seniorzy (S)<\/td>\n<td width=\"96\">Floret (Fl)<\/td>\n<td width=\"109\">05.12.2025<\/td>\n<td width=\"113\">07.12.2025<\/td>\n<td width=\"125\">Tokio<\/td>\n<\/tr>\n<tr>\n<td width=\"64\"><a href=\"https:\/\/pzszerm.pl\/zawody\/kalendarium-zawodow\/zawody\/?id=4529\">Puchar Europy kadet\u00f3w we florecie kobiet i m\u0119\u017cczyzn \u2013 Cabries 2025\/2026<\/a><\/td>\n<td width=\"64\">Juniorzy m\u0142odsi (kadeci) (Jm\u0142)<\/td>\n<td width=\"96\">Floret (Fl)<\/td>\n<td width=\"109\">06.12.2025<\/td>\n<td width=\"113\">07.12.2025<\/td>\n<td width=\"125\">Cabries<\/td>\n<\/tr>\n<tr>\n<td width=\"64\"><a href=\"https:\/\/pzszerm.pl\/zawody\/kalendarium-zawodow\/zawody\/?id=4433\">Puchar \u015awiata junior\u00f3w we florecie kobiet i m\u0119\u017cczyzn \u2013 Bangkok 2025\/2026<\/a><\/td>\n<td width=\"64\">Juniorzy (J)<\/td>\n<td width=\"96\">Floret (Fl)<\/td>\n<td width=\"109\">13.12.2025<\/td>\n<td width=\"113\">15.12.2025<\/td>\n<td width=\"125\">Bangkok<\/td>\n<\/tr>\n<tr>\n<td width=\"64\"><a href=\"https:\/\/pzszerm.pl\/zawody\/kalendarium-zawodow\/zawody\/?id=4408\">II Puchar Polski Senior\u00f3w we florecie kobiet i m\u0119\u017cczyzn \u2013 Wroc\u0142aw 2025\/2026<\/a><\/td>\n<td width=\"64\">Seniorzy (S)<\/td>\n<td width=\"96\">Floret (Fl)<\/td>\n<td width=\"109\">20.12.2025<\/td>\n<td width=\"113\">21.12.2025<\/td>\n<td width=\"125\">Wroc\u0142aw<\/td>\n<\/tr>\n<tr>\n<td style=\"text-align: left;\" colspan=\"5\" width=\"446\"><strong>Stycze\u0144 \u2013 2026<\/strong><\/td>\n<td>\u00a0<\/td>\n<\/tr>\n<tr>\n<td width=\"64\">Nazwa<\/td>\n<td width=\"64\">Kat. wiekowe<\/td>\n<td width=\"96\">Bronie<\/td>\n<td width=\"109\">Data rozpocz\u0119cia<\/td>\n<td width=\"113\">Data zako\u0144czenia<\/td>\n<td width=\"125\">Miejsce<\/td>\n<\/tr>\n<tr>\n<td width=\"64\"><a href=\"https:\/\/pzszerm.pl\/zawody\/kalendarium-zawodow\/zawody\/?id=4440\">Puchar \u015awiata junior\u00f3w we florecie kobiet i m\u0119\u017cczyzn \u2013 Fujairah 2025\/2026<\/a><\/td>\n<td width=\"64\">Juniorzy (J)<\/td>\n<td width=\"96\">Floret (Fl)<\/td>\n<td width=\"109\">02.01.2026<\/td>\n<td width=\"113\">04.01.2026<\/td>\n<td width=\"125\">Fujairah<\/td>\n<\/tr>\n<tr>\n<td width=\"64\"><a href=\"https:\/\/pzszerm.pl\/zawody\/kalendarium-zawodow\/zawody\/?id=4441\">Puchar \u015awiata senior\u00f3w we florecie kobiet \u2013 Hongkong 2025\/2026<\/a><\/td>\n<td width=\"64\">Seniorzy (S)<\/td>\n<td width=\"96\">Floret (Fl)<\/td>\n<td width=\"109\">09.01.2026<\/td>\n<td width=\"113\">11.01.2026<\/td>\n<td width=\"125\">Hongkong<\/td>\n<\/tr>\n<tr>\n<td width=\"64\"><a href=\"https:\/\/pzszerm.pl\/zawody\/kalendarium-zawodow\/zawody\/?id=4442\">Puchar \u015awiata senior\u00f3w we florecie m\u0119\u017cczyzn -Pary\u017c 2025\/2026<\/a><\/td>\n<td width=\"64\">Seniorzy (S)<\/td>\n<td width=\"96\">Floret (Fl)<\/td>\n<td width=\"109\">09.01.2026<\/td>\n<td width=\"113\">11.01.2026<\/td>\n<td width=\"125\">Pary\u017c<\/td>\n<\/tr>\n<tr>\n<td width=\"64\"><a href=\"https:\/\/pzszerm.pl\/zawody\/kalendarium-zawodow\/zawody\/?id=4532\">Puchar Europy kadet\u00f3w we florecie kobiet \u2013 Pozna\u0144 2025\/2026<\/a><\/td>\n<td width=\"64\">Juniorzy m\u0142odsi (kadeci) (Jm\u0142)<\/td>\n<td width=\"96\">Floret (Fl)<\/td>\n<td width=\"109\">10.01.2026<\/td>\n<td width=\"113\">11.01.2026<\/td>\n<td width=\"125\">Pozna\u0144<\/td>\n<\/tr>\n<tr>\n<td width=\"64\"><a href=\"https:\/\/pzszerm.pl\/zawody\/kalendarium-zawodow\/zawody\/?id=4446\">Puchar \u015awiata junior\u00f3w we florecie m\u0119\u017cczyzn \u2013 Madryt 2025\/2026<\/a><\/td>\n<td width=\"64\">Juniorzy (J)<\/td>\n<td width=\"96\">Floret (Fl)<\/td>\n<td width=\"109\">17.01.2026<\/td>\n<td width=\"113\">18.01.2026<\/td>\n<td width=\"125\">Madryt<\/td>\n<\/tr>\n<tr>\n<td width=\"64\"><a href=\"https:\/\/pzszerm.pl\/zawody\/kalendarium-zawodow\/zawody\/?id=4448\">Puchar \u015awiata junior\u00f3w we florecie kobiet \u2013 Tbilisi 2025\/2026<\/a><\/td>\n<td width=\"64\">Juniorzy (J)<\/td>\n<td width=\"96\">Floret (Fl)<\/td>\n<td width=\"109\">17.01.2026<\/td>\n<td width=\"113\">18.01.2026<\/td>\n<td width=\"125\">Tbilisi<\/td>\n<\/tr>\n<tr>\n<td width=\"64\"><a href=\"https:\/\/pzszerm.pl\/zawody\/kalendarium-zawodow\/zawody\/?id=4536\">Puchar Europy kadet\u00f3w we florecie kobiet i m\u0119\u017cczyzn \u2013 Ryga 2025\/2026<\/a><\/td>\n<td width=\"64\">Juniorzy m\u0142odsi (kadeci) (Jm\u0142)<\/td>\n<td width=\"96\">Floret (Fl)<\/td>\n<td width=\"109\">24.01.2026<\/td>\n<td width=\"113\">25.01.2026<\/td>\n<td width=\"125\">Ryga<\/td>\n<\/tr>\n<tr>\n<td width=\"64\"><a href=\"https:\/\/pzszerm.pl\/zawody\/kalendarium-zawodow\/zawody\/?id=4452\">Puchar \u015awiata junior\u00f3w we florecie kobiet i m\u0119\u017cczyzn \u2013 Accra 2025\/2026<\/a><\/td>\n<td width=\"64\">Juniorzy (J)<\/td>\n<td width=\"96\">Floret (Fl)<\/td>\n<td width=\"109\">30.01.2026<\/td>\n<td width=\"113\">01.02.2026<\/td>\n<td width=\"125\">Accra<\/td>\n<\/tr>\n<tr>\n<td style=\"text-align: left;\" colspan=\"5\" width=\"446\"><strong>Luty \u2013 2026<\/strong><\/td>\n<td>\u00a0<\/td>\n<\/tr>\n<tr>\n<td width=\"64\">Nazwa<\/td>\n<td width=\"64\">Kat. wiekowe<\/td>\n<td width=\"96\">Bronie<\/td>\n<td width=\"109\">Data rozpocz\u0119cia<\/td>\n<td width=\"113\">Data zako\u0144czenia<\/td>\n<td width=\"125\">Miejsce<\/td>\n<\/tr>\n<tr>\n<td width=\"64\"><a href=\"https:\/\/pzszerm.pl\/zawody\/kalendarium-zawodow\/zawody\/?id=4456\">Grand Prix Pucharu \u015awiata we florecie kobiet i m\u0119\u017cczyzn \u2013 Turyn 2025\/2026<\/a><\/td>\n<td width=\"64\">Seniorzy (S)<\/td>\n<td width=\"96\">Floret (Fl)<\/td>\n<td width=\"109\">05.02.2026<\/td>\n<td width=\"113\">07.02.2026<\/td>\n<td width=\"125\">Turyn<\/td>\n<\/tr>\n<tr>\n<td width=\"64\"><a href=\"https:\/\/pzszerm.pl\/zawody\/kalendarium-zawodow\/zawody\/?id=4537\">Puchar Europy kadetow we florecie kobiet i m\u0119\u017cczyzn \u2013 Sofia 2025\/2026<\/a><\/td>\n<td width=\"64\">Juniorzy m\u0142odsi (kadeci) (Jm\u0142)<\/td>\n<td width=\"96\">Floret (Fl)<\/td>\n<td width=\"109\">07.02.2026<\/td>\n<td width=\"113\">08.02.2026<\/td>\n<td width=\"125\">Sofia<\/td>\n<\/tr>\n<tr>\n<td width=\"64\"><a href=\"https:\/\/pzszerm.pl\/zawody\/kalendarium-zawodow\/zawody\/?id=4460\">Puchar \u015awiata junior\u00f3w we florecie kobiet i m\u0119\u017cczyzn \u2013 San-Jose 2025\/2026<\/a><\/td>\n<td width=\"64\">Juniorzy (J)<\/td>\n<td width=\"96\">Floret (Fl)<\/td>\n<td width=\"109\">13.02.2026<\/td>\n<td width=\"113\">15.02.2026<\/td>\n<td width=\"125\">San-Jose<\/td>\n<\/tr>\n<tr>\n<td style=\"text-align: left;\" colspan=\"5\" width=\"446\"><strong>Marzec \u2013 2026<\/strong><\/td>\n<td>\u00a0<\/td>\n<\/tr>\n<tr>\n<td width=\"64\">Nazwa<\/td>\n<td width=\"64\">Kat. wiekowe<\/td>\n<td width=\"96\">Bronie<\/td>\n<td width=\"109\">Data rozpocz\u0119cia<\/td>\n<td width=\"113\">Data zako\u0144czenia<\/td>\n<td width=\"125\">Miejsce<\/td>\n<\/tr>\n<tr>\n<td width=\"64\"><a href=\"https:\/\/pzszerm.pl\/zawody\/kalendarium-zawodow\/zawody\/?id=4463\">Puchar \u015awiata senior\u00f3w we florecie kobiet i m\u0119\u017cczyzn \u2013 Kair 2025\/2026<\/a><\/td>\n<td width=\"64\">Seniorzy (S)<\/td>\n<td width=\"96\">Floret (Fl)<\/td>\n<td width=\"109\">05.03.2026<\/td>\n<td width=\"113\">08.03.2026<\/td>\n<td width=\"125\">Kair<\/td>\n<\/tr>\n<tr>\n<td width=\"64\"><a href=\"https:\/\/pzszerm.pl\/zawody\/kalendarium-zawodow\/zawody\/?id=4495\">48 Challenge Wratislavia \u2013 Wroc\u0142aw 2025\/2026<\/a><\/td>\n<td width=\"64\">Zuchy (Z), Dzieci (D), M\u0142odzicy (M\u0141)<\/td>\n<td width=\"96\">Floret (Fl), Szabla (Szb), Szpada (Szp)<\/td>\n<td width=\"109\">19.03.2026<\/td>\n<td width=\"113\">23.03.2026<\/td>\n<td width=\"125\">Wroc\u0142aw<\/td>\n<\/tr>\n<tr>\n<td width=\"64\"><a href=\"https:\/\/pzszerm.pl\/zawody\/kalendarium-zawodow\/zawody\/?id=4466\">Grand Prix Pucharu \u015awiata we florecie kobiet i m\u0119\u017cczyzn \u2013 Lima 2025\/2026<\/a><\/td>\n<td width=\"64\">Seniorzy (S)<\/td>\n<td width=\"96\">Floret (Fl)<\/td>\n<td width=\"109\">20.03.2026<\/td>\n<td width=\"113\">22.03.2026<\/td>\n<td width=\"125\">Lima<\/td>\n<\/tr>\n<tr>\n<td style=\"text-align: left;\" colspan=\"5\" width=\"446\"><strong>Kwiecie\u0144 \u2013 2026<\/strong><\/td>\n<td>\u00a0<\/td>\n<\/tr>\n<tr>\n<td width=\"64\">Nazwa<\/td>\n<td width=\"64\">Kat. wiekowe<\/td>\n<td width=\"96\">Bronie<\/td>\n<td width=\"109\">Data rozpocz\u0119cia<\/td>\n<td width=\"113\">Data zako\u0144czenia<\/td>\n<td width=\"125\">Miejsce<\/td>\n<\/tr>\n<tr>\n<td width=\"64\"><a href=\"https:\/\/pzszerm.pl\/zawody\/kalendarium-zawodow\/zawody\/?id=4491\">XXIII PUCHAR ZIEM P\u00d3\u0141NOCNYCH Mi\u0119dzynarodowy Turniej dziewcz\u0105t i ch\u0142opc\u00f3w we florecie \u2013 Szczecin 2025\/2026<\/a><\/td>\n<td width=\"64\">Skrzaty (Sk), Zuchy (Z), Dzieci (D), M\u0142odzicy (M\u0141)<\/td>\n<td width=\"96\">Floret (Fl)<\/td>\n<td width=\"109\">11.04.2026<\/td>\n<td width=\"113\">12.04.2026<\/td>\n<td width=\"125\">Szczecin<\/td>\n<\/tr>\n<tr>\n<td width=\"64\"><a href=\"https:\/\/pzszerm.pl\/zawody\/kalendarium-zawodow\/zawody\/?id=4470\">Puchar \u015awiata senior\u00f3w we florecie kobiet i m\u0119\u017cczyzn \u2013 Playa del Carmen 2025\/2026<\/a><\/td>\n<td width=\"64\">Seniorzy (S)<\/td>\n<td width=\"96\">Floret (Fl)<\/td>\n<td width=\"109\">30.04.2026<\/td>\n<td width=\"113\">03.05.2026<\/td>\n<td width=\"125\">Playa del Carmen<\/td>\n<\/tr>\n<tr>\n<td style=\"text-align: left;\" colspan=\"5\" width=\"446\"><strong>Maj \u2013 2026<\/strong><\/td>\n<td>\u00a0<\/td>\n<\/tr>\n<tr>\n<td width=\"64\">Nazwa<\/td>\n<td width=\"64\">Kat. wiekowe<\/td>\n<td width=\"96\">Bronie<\/td>\n<td width=\"109\">Data rozpocz\u0119cia<\/td>\n<td width=\"113\">Data zako\u0144czenia<\/td>\n<td width=\"125\">Miejsce<\/td>\n<\/tr>\n<tr>\n<td width=\"64\"><a href=\"https:\/\/pzszerm.pl\/zawody\/kalendarium-zawodow\/zawody\/?id=4473\">Grand Prix Pucharu \u015awiata we florecie kobiet i m\u0119\u017cczyzn \u2013 Szanghaj 2025\/2026<\/a><\/td>\n<td width=\"64\">Seniorzy (S)<\/td>\n<td width=\"96\">Floret (Fl)<\/td>\n<td width=\"109\">15.05.2026<\/td>\n<td width=\"113\">17.05.2026<\/td>\n<td width=\"125\">Szanghaj<\/td>\n<\/tr>\n<tr>\n<td width=\"64\"><a href=\"https:\/\/pzszerm.pl\/zawody\/kalendarium-zawodow\/zawody\/?id=4492\">XXIII Mi\u0119dzynarodowy Turniej \u201cKu\u017ania Gda\u0144ska\u201d \u2013 Gda\u0144sk 2025\/2026<\/a><\/td>\n<td width=\"64\">Zuchy (Z), Dzieci (D), M\u0142odzicy (M\u0141)<\/td>\n<td width=\"96\">Floret (Fl)<\/td>\n<td width=\"109\">16.05.2026<\/td>\n<td width=\"113\">17.05.2026<\/td>\n<td width=\"125\">Gda\u0144sk<\/td>\n<\/tr>\n<tr>\n<td width=\"64\"><a href=\"https:\/\/pzszerm.pl\/zawody\/kalendarium-zawodow\/zawody\/?id=4493\">Europejski Festiwal Szermierki im. Mateusza Witkowskiego XIX Memoria\u0142 Fechmistrza Jana Nowaka \u2013 Pozna\u0144 2025\/2026<\/a><\/td>\n<td width=\"64\">Zuchy (Z), Dzieci (D), M\u0142odzicy (M\u0141), Juniorzy m\u0142odsi (kadeci) (Jm\u0142)<\/td>\n<td width=\"96\">Floret (Fl)<\/td>\n<td width=\"109\">23.05.2026<\/td>\n<td width=\"113\">24.05.2026<\/td>\n<td width=\"125\">Pozna\u0144<\/td>\n<\/tr>\n<tr>\n<td style=\"text-align: left;\" colspan=\"5\" width=\"446\"><strong>Czerwiec \u2013 2026<\/strong><\/td>\n<td>\u00a0<\/td>\n<\/tr>\n<tr>\n<td width=\"64\">Nazwa<\/td>\n<td width=\"64\">Kat. wiekowe<\/td>\n<td width=\"96\">Bronie<\/td>\n<td width=\"109\">Data rozpocz\u0119cia<\/td>\n<td width=\"113\">Data zako\u0144czenia<\/td>\n<td width=\"125\">Miejsce<\/td>\n<\/tr>\n<tr>\n<td width=\"64\"><a href=\"https:\/\/pzszerm.pl\/zawody\/kalendarium-zawodow\/zawody\/?id=4496\">Mistrzostwa Polski M\u0142odzik\u00f3w we florecie dziewcz\u0105t i ch\u0142opc\u00f3w \u2013 TBD 2025\/2026<\/a><\/td>\n<td width=\"64\">M\u0142odzicy (M\u0141)<\/td>\n<td width=\"96\">Floret (Fl)<\/td>\n<td width=\"109\">13.06.2026<\/td>\n<td width=\"113\">14.06.2026<\/td>\n<td width=\"125\">TBD<\/td>\n<\/tr>\n<\/tbody>\n<\/table>\n<\/div>\n<\/div>\n<p><!-- \/wp:paragraph --><\/p>\t\t\t\t\t\t\t\t<\/div>\n\t\t\t\t<\/div>\n\t\t\t\t\t<\/div>\n\t\t<\/div>\n\t\t\t\t\t<\/div>\n\t\t<\/section>\n\t\t\t\t<\/div>\n\t\t","protected":false},"excerpt":{"rendered":"<p>\u00a0 Ka\u017cdy wyjazd na zawody powinien by\u0107 uzgodniony z w\u0142a\u015bciwym dla zawodnika trenerem. W przypadku organizacji przez rodzic\u00f3w wsp\u00f3lnego wyjazdu, prosimy o kontakt, ch\u0119tnie pomo\u017cemy. 19.04.2026 ( niedziela ) Pa\u017adziernik \u2013 2025 \u00a0 Nazwa Kat. wiekowe Bronie Data rozpocz\u0119cia Data zako\u0144czenia Miejsce Puchar Europy kadet\u00f3w we florecie kobiet i m\u0119\u017cczyzn \u2013 Samorin 2025\/2026 Juniorzy m\u0142odsi (kadeci) (Jm\u0142) Floret (Fl) 03.10.2025 05.10.2025 Samorin Otwarte Mistrzostwa Bydgoszczy we florecie dziewcz\u0105t i ch\u0142opc\u00f3w \u2013 Bydgoszcz 2025\/2026 Dzieci (D), M\u0142odzicy (M\u0141) Floret (Fl) [&hellip;]<\/p>\n","protected":false},"author":1,"featured_media":0,"parent":0,"menu_order":0,"comment_status":"closed","ping_status":"closed","template":"","meta":{"footnotes":""},"class_list":["post-928","page","type-page","status-publish","hentry"],"_links":{"self":[{"href":"https:\/\/ksdartagnan.pl\/index.php?rest_route=\/wp\/v2\/pages\/928","targetHints":{"allow":["GET"]}}],"collection":[{"href":"https:\/\/ksdartagnan.pl\/index.php?rest_route=\/wp\/v2\/pages"}],"about":[{"href":"https:\/\/ksdartagnan.pl\/index.php?rest_route=\/wp\/v2\/types\/page"}],"author":[{"embeddable":true,"href":"https:\/\/ksdartagnan.pl\/index.php?rest_route=\/wp\/v2\/users\/1"}],"replies":[{"embeddable":true,"href":"https:\/\/ksdartagnan.pl\/index.php?rest_route=%2Fwp%2Fv2%2Fcomments&post=928"}],"version-history":[{"count":36,"href":"https:\/\/ksdartagnan.pl\/index.php?rest_route=\/wp\/v2\/pages\/928\/revisions"}],"predecessor-version":[{"id":3477,"href":"https:\/\/ksdartagnan.pl\/index.php?rest_route=\/wp\/v2\/pages\/928\/revisions\/3477"}],"wp:attachment":[{"href":"https:\/\/ksdartagnan.pl\/index.php?rest_route=%2Fwp%2Fv2%2Fmedia&parent=928"}],"curies":[{"name":"wp","href":"https:\/\/api.w.org\/{rel}","templated":true}]}}